{"id":1245,"date":"2022-11-08T16:33:39","date_gmt":"2022-11-08T15:33:39","guid":{"rendered":"https:\/\/www.csa.be\/map\/?page_id=1245"},"modified":"2022-11-16T20:11:33","modified_gmt":"2022-11-16T19:11:33","slug":"map-2022-television-un-mode-interchangeable","status":"publish","type":"page","link":"https:\/\/www.csa.be\/map\/map-2022-accueil\/map-2022-television-un-mode-interchangeable\/","title":{"rendered":"MAP 2022 &#8211; T\u00e9l\u00e9vision, un mode interchangeable ?"},"content":{"rendered":"<p>[et_pb_section fb_built=\u00a0\u00bb1&Prime; _builder_version=\u00a0\u00bb4.6.6&Prime; _module_preset=\u00a0\u00bbdefault\u00a0\u00bb width=\u00a0\u00bb100%\u00a0\u00bb max_width=\u00a0\u00bb100%\u00a0\u00bb custom_css_main_element=\u00a0\u00bbmin-height:100vh \u00ab\u00a0][et_pb_row column_structure=\u00a0\u00bb2_5,3_5&Prime; _builder_version=\u00a0\u00bb4.6.6&Prime; _module_preset=\u00a0\u00bbdefault\u00a0\u00bb width=\u00a0\u00bb90%\u00a0\u00bb max_width=\u00a0\u00bb100%\u00a0\u00bb][et_pb_column type=\u00a0\u00bb2_5&Prime; _builder_version=\u00a0\u00bb4.6.6&Prime; _module_preset=\u00a0\u00bbdefault\u00a0\u00bb][et_pb_text _builder_version=\u00a0\u00bb4.6.6&Prime; text_font=\u00a0\u00bbVarela Round||||||||\u00a0\u00bb text_text_color=\u00a0\u00bb#ef7d00&Prime; header_font=\u00a0\u00bb||||||||\u00a0\u00bb header_text_color=\u00a0\u00bb#ef7d00&Prime; header_2_font=\u00a0\u00bb|700|||||||\u00a0\u00bb header_2_text_color=\u00a0\u00bb#ef7d00&Prime; header_2_font_size=\u00a0\u00bb36px\u00a0\u00bb header_2_line_height=\u00a0\u00bb1.3em\u00a0\u00bb custom_margin=\u00a0\u00bb||20px|\u00a0\u00bb animation_style=\u00a0\u00bbslide\u00a0\u00bb animation_direction=\u00a0\u00bbbottom\u00a0\u00bb animation_intensity_slide=\u00a0\u00bb10%\u00a0\u00bb locked=\u00a0\u00bboff\u00a0\u00bb header_font_size__hover=\u00a0\u00bb30px\u00a0\u00bb header_font_size__hover_enabled=\u00a0\u00bb30px\u00a0\u00bb header_letter_spacing__hover=\u00a0\u00bb0px\u00a0\u00bb header_letter_spacing__hover_enabled=\u00a0\u00bb0px\u00a0\u00bb header_text_shadow_style__hover=\u00a0\u00bbnone\u00a0\u00bb header_text_shadow_style__hover_enabled=\u00a0\u00bbnone\u00a0\u00bb header_text_shadow_color__hover=\u00a0\u00bbrgba(0,0,0,0.4)\u00a0\u00bb header_text_shadow_color__hover_enabled=\u00a0\u00bbrgba(0,0,0,0.4)\u00a0\u00bb]<\/p>\n<h2><strong>T\u00e9l\u00e9vision, une volont\u00e9 d&rsquo;arr\u00eater de la regarder ? <\/strong><\/h2>\n<p>[\/et_pb_text][et_pb_divider color=\u00a0\u00bb#f0aa00&Prime; divider_weight=\u00a0\u00bb4px\u00a0\u00bb disabled_on=\u00a0\u00bbon|on|off\u00a0\u00bb _builder_version=\u00a0\u00bb4.6.6&Prime; background_size=\u00a0\u00bbinitial\u00a0\u00bb background_position=\u00a0\u00bbtop_left\u00a0\u00bb background_repeat=\u00a0\u00bbrepeat\u00a0\u00bb max_width=\u00a0\u00bb40px\u00a0\u00bb module_alignment=\u00a0\u00bbleft\u00a0\u00bb custom_margin=\u00a0\u00bb||10px|\u00a0\u00bb animation_style=\u00a0\u00bbzoom\u00a0\u00bb animation_direction=\u00a0\u00bbleft\u00a0\u00bb saved_tabs=\u00a0\u00bball\u00a0\u00bb locked=\u00a0\u00bboff\u00a0\u00bb][\/et_pb_divider][et_pb_text _builder_version=\u00a0\u00bb4.6.6&Prime; _module_preset=\u00a0\u00bbdefault\u00a0\u00bb text_font_size=\u00a0\u00bb18px\u00a0\u00bb]<\/p>\n<p style=\"text-align: justify;\">86,4% des r\u00e9pondant.e.s n\u2019envisagent probablement ou certainement pas d\u2019arr\u00eater de regarder la t\u00e9l\u00e9vision \u00e0 domicile en 2021 <em>(Slide 1)<\/em>, contre 86,3% en 2019.<\/p>\n<p style=\"text-align: justify;\">En cas d\u2019augmentation de 10% du prix de l\u2019abonnement \u00e0 la t\u00e9l\u00e9vision,\u00a0 64,4% [des r\u00e9pondant.e.s] affirment qu\u2019ils.elles ne se d\u00e9sabonneraient probablement ou certainement pas.<\/p>\n<p style=\"text-align: justify;\">Le degr\u00e9 de certitude se renforce en 2021 par rapport \u00e0 2019 dans la mesure o\u00f9 le nombre des r\u00e9pondant.e.s qui ne se d\u00e9sabonneraient certainement pas augmente de +8%. <em>(Slide 2)<\/em><\/p>\n<p>[\/et_pb_text][\/et_pb_column][et_pb_column type=\u00a0\u00bb3_5&Prime; _builder_version=\u00a0\u00bb4.6.6&Prime; _module_preset=\u00a0\u00bbdefault\u00a0\u00bb background_color=\u00a0\u00bb#F1F1F1&Prime; custom_padding=\u00a0\u00bb25px|25px|25px|25px|false|false\u00a0\u00bb box_shadow_style=\u00a0\u00bbpreset3&Prime;][et_pb_text admin_label=\u00a0\u00bbTexte\u00a0\u00bb _builder_version=\u00a0\u00bb4.6.6&Prime; _module_preset=\u00a0\u00bbdefault\u00a0\u00bb background_enable_color=\u00a0\u00bboff\u00a0\u00bb]<\/p>\n<div class=\"infogram-embed\" data-id=\"91399aa2-aae4-4ce6-b7bb-aab5fe849656\" data-type=\"interactive\" data-title=\"Copy: MAP 2022-1\"><\/div>\n<p><script>!function(e,i,n,s){var t=\"InfogramEmbeds\",d=e.getElementsByTagName(\"script\")[0];if(window[t]&&window[t].initialized)window[t].process&&window[t].process();else if(!e.getElementById(n)){var o=e.createElement(\"script\");o.async=1,o.id=n,o.src=\"https:\/\/e.infogram.com\/js\/dist\/embed-loader-min.js\",d.parentNode.insertBefore(o,d)}}(document,0,\"infogram-async\");<\/script>[\/et_pb_text][\/et_pb_column][\/et_pb_row][et_pb_row _builder_version=\u00a0\u00bb4.6.6&Prime; _module_preset=\u00a0\u00bbdefault\u00a0\u00bb][et_pb_column type=\u00a0\u00bb4_4&Prime; _builder_version=\u00a0\u00bb4.6.6&Prime; _module_preset=\u00a0\u00bbdefault\u00a0\u00bb][et_pb_image src=\u00a0\u00bbhttps:\/\/www.csa.be\/map\/wp-content\/uploads\/sites\/6\/2022\/11\/graph_VOD_TV_Ages.png\u00a0\u00bb title_text=\u00a0\u00bbgraph_VOD_TV_Ages\u00a0\u00bb align=\u00a0\u00bbcenter\u00a0\u00bb _builder_version=\u00a0\u00bb4.6.6&Prime; _module_preset=\u00a0\u00bbdefault\u00a0\u00bb width=\u00a0\u00bb33%\u00a0\u00bb][\/et_pb_image][\/et_pb_column][\/et_pb_row][\/et_pb_section]<\/p>\n","protected":false},"excerpt":{"rendered":"<p>T\u00e9l\u00e9vision, une volont\u00e9 d&rsquo;arr\u00eater de la regarder ? 86,4% des r\u00e9pondant.e.s n\u2019envisagent probablement ou certainement pas d\u2019arr\u00eater de regarder la t\u00e9l\u00e9vision \u00e0 domicile en 2021 (Slide 1), contre 86,3% en 2019. En cas d\u2019augmentation de 10% du prix de l\u2019abonnement \u00e0 la t\u00e9l\u00e9vision,\u00a0 64,4% [des r\u00e9pondant.e.s] affirment qu\u2019ils.elles ne se d\u00e9sabonneraient probablement ou certainement pas. [&hellip;]<\/p>\n","protected":false},"author":2,"featured_media":0,"parent":1100,"menu_order":0,"comment_status":"closed","ping_status":"closed","template":"","meta":{"_et_pb_use_builder":"on","_et_pb_old_content":"","_et_gb_content_width":"","footnotes":""},"class_list":["post-1245","page","type-page","status-publish","hentry"],"_links":{"self":[{"href":"https:\/\/www.csa.be\/map\/wp-json\/wp\/v2\/pages\/1245","targetHints":{"allow":["GET"]}}],"collection":[{"href":"https:\/\/www.csa.be\/map\/wp-json\/wp\/v2\/pages"}],"about":[{"href":"https:\/\/www.csa.be\/map\/wp-json\/wp\/v2\/types\/page"}],"author":[{"embeddable":true,"href":"https:\/\/www.csa.be\/map\/wp-json\/wp\/v2\/users\/2"}],"replies":[{"embeddable":true,"href":"https:\/\/www.csa.be\/map\/wp-json\/wp\/v2\/comments?post=1245"}],"version-history":[{"count":6,"href":"https:\/\/www.csa.be\/map\/wp-json\/wp\/v2\/pages\/1245\/revisions"}],"predecessor-version":[{"id":1486,"href":"https:\/\/www.csa.be\/map\/wp-json\/wp\/v2\/pages\/1245\/revisions\/1486"}],"up":[{"embeddable":true,"href":"https:\/\/www.csa.be\/map\/wp-json\/wp\/v2\/pages\/1100"}],"wp:attachment":[{"href":"https:\/\/www.csa.be\/map\/wp-json\/wp\/v2\/media?parent=1245"}],"curies":[{"name":"wp","href":"https:\/\/api.w.org\/{rel}","templated":true}]}}