{"id":23,"date":"2018-11-06T11:42:32","date_gmt":"2018-11-06T10:42:32","guid":{"rendered":"https:\/\/cdoc-csa.be\/pfrequence\/?page_id=23"},"modified":"2018-11-06T11:42:32","modified_gmt":"2018-11-06T10:42:32","slug":"caracteristiques-techniques","status":"publish","type":"page","link":"https:\/\/www.csa.be\/plandefrequences\/caracteristiques-techniques\/","title":{"rendered":"Cartes de couverture th\u00e9orique"},"content":{"rendered":"<p>[et_pb_section fb_built=\u00a0\u00bb1&Prime; admin_label=\u00a0\u00bbsection\u00a0\u00bb _builder_version=\u00a0\u00bb3.0.47&Prime;][et_pb_row admin_label=\u00a0\u00bbrow\u00a0\u00bb _builder_version=\u00a0\u00bb3.0.47&Prime; background_size=\u00a0\u00bbinitial\u00a0\u00bb background_position=\u00a0\u00bbtop_left\u00a0\u00bb background_repeat=\u00a0\u00bbrepeat\u00a0\u00bb][et_pb_column type=\u00a0\u00bb4_4&Prime; _builder_version=\u00a0\u00bb3.0.47&Prime; parallax=\u00a0\u00bboff\u00a0\u00bb parallax_method=\u00a0\u00bbon\u00a0\u00bb][et_pb_text admin_label=\u00a0\u00bbText\u00a0\u00bb _builder_version=\u00a0\u00bb3.0.47&Prime; background_size=\u00a0\u00bbinitial\u00a0\u00bb background_position=\u00a0\u00bbtop_left\u00a0\u00bb background_repeat=\u00a0\u00bbrepeat\u00a0\u00bb]<\/p>\n<p><strong>Caract\u00e9ristiques techniques de la fr\u00e9quence<\/strong><\/p>\n<p>Les liens ci-dessous vous permettent de consulter\u00a0sur le site du\u00a0<span>Service g\u00e9n\u00e9ral de l&rsquo;Audiovisuel et des Multim\u00e9dias (<strong>SGAM<\/strong>)<\/span>\u00a0les zones de couvertures des fr\u00e9quences analogiques et num\u00e9riques mises en appel d&rsquo;offre. <span style=\"text-decoration: underline\"><strong>Ces cartes de couverture sont donn\u00e9es \u00e0 titre purement indicatif<\/strong><\/span>.<\/p>\n<p>&nbsp;<\/p>\n<p>&nbsp;<\/p>\n<p>[\/et_pb_text][et_pb_button button_url=\u00a0\u00bbhttps:\/\/audiovisuel.cfwb.be\/fileadmin\/sites\/sgam\/uploads\/Ressources\/Radiofrequences\/20190111-Article7.pdf\u00a0\u00bb url_new_window=\u00a0\u00bbon\u00a0\u00bb button_text=\u00a0\u00bbCalculs d&rsquo;audience potentielle\u00a0\u00bb button_alignment=\u00a0\u00bbcenter\u00a0\u00bb _builder_version=\u00a0\u00bb3.0.106&Prime;][\/et_pb_button][\/et_pb_column][\/et_pb_row][et_pb_row _builder_version=\u00a0\u00bb3.0.106&Prime;][et_pb_column type=\u00a0\u00bb1_2&Prime; _builder_version=\u00a0\u00bb3.0.106&Prime; parallax=\u00a0\u00bboff\u00a0\u00bb parallax_method=\u00a0\u00bbon\u00a0\u00bb][et_pb_cta title=\u00a0\u00bbConsultez les cartes de couverture des radiofr\u00e9quences en analogique\u00a0\u00bb button_url=\u00a0\u00bbhttps:\/\/audiovisuel.cfwb.be\/fileadmin\/sites\/sgam\/uploads\/Ressources\/Radiofrequences\/analogique.html\u00a0\u00bb url_new_window=\u00a0\u00bbon\u00a0\u00bb button_text=\u00a0\u00bbPar ici\u00a0\u00bb _builder_version=\u00a0\u00bb3.0.106&Prime; filter_hue_rotate=\u00a0\u00bb69deg\u00a0\u00bb filter_saturate=\u00a0\u00bb87%\u00a0\u00bb][\/et_pb_cta][\/et_pb_column][et_pb_column type=\u00a0\u00bb1_2&Prime; _builder_version=\u00a0\u00bb3.0.106&Prime; parallax=\u00a0\u00bboff\u00a0\u00bb parallax_method=\u00a0\u00bbon\u00a0\u00bb][et_pb_cta title=\u00a0\u00bbConsultez les cartes de couverture des radiofr\u00e9quences en num\u00e9rique\u00a0\u00bb button_url=\u00a0\u00bbhttps:\/\/audiovisuel.cfwb.be\/fileadmin\/sites\/sgam\/uploads\/Ressources\/Radiofrequences\/numerique.html\u00a0\u00bb url_new_window=\u00a0\u00bbon\u00a0\u00bb button_text=\u00a0\u00bbPar ici\u00a0\u00bb background_color=\u00a0\u00bb#bc7c78&Prime; _builder_version=\u00a0\u00bb3.0.106&Prime; filter_hue_rotate=\u00a0\u00bb300deg\u00a0\u00bb filter_saturate=\u00a0\u00bb200%\u00a0\u00bb][\/et_pb_cta][\/et_pb_column][\/et_pb_row][\/et_pb_section]<\/p>\n","protected":false},"excerpt":{"rendered":"<p>Caract\u00e9ristiques techniques de la fr\u00e9quence Les liens ci-dessous vous permettent de consulter\u00a0sur le site du\u00a0Service g\u00e9n\u00e9ral de l&rsquo;Audiovisuel et des Multim\u00e9dias (SGAM)\u00a0les zones de couvertures des fr\u00e9quences analogiques et num\u00e9riques mises en appel d&rsquo;offre. Ces cartes de couverture sont donn\u00e9es \u00e0 titre purement indicatif. &nbsp; &nbsp;<\/p>\n","protected":false},"author":2,"featured_media":0,"parent":0,"menu_order":0,"comment_status":"closed","ping_status":"closed","template":"","meta":{"_et_pb_use_builder":"on","_et_pb_old_content":"<strong>Caract\u00e9ristiques techniques de la fr\u00e9quence<\/strong>\n\nLa fr\u00e9quence mise en appel d\u2019offre se trouve en Strate 4.\n<ul>\n \t<li><a href=\"http:\/\/www.csa.be\/documents\/757\" target=\"_blank\" rel=\"noopener\">Strate 4<\/a>. Arr\u00eat\u00e9 fixant la liste des radiofr\u00e9quences assignables aux \u00e9diteurs de services pour la diffusion de service de radiodiffusion sonore en mode analogique par voie hertzienne terrestre ayant fait l'objet d'un accord technique pr\u00e9alable au comit\u00e9 de concertation du 29 novembre 2002.<\/li>\n<\/ul>\n&nbsp;\n\nLes arr\u00eat\u00e9s suivants constituent les bases \u00e9tablissant les caract\u00e9ristiques techniques des fr\u00e9quences attribuables. Chaque arr\u00eat\u00e9 correspond \u00e0 une strate, c'est-\u00e0-dire un accord sur les caract\u00e9ristiques de certaines fr\u00e9quences. Les arr\u00eat\u00e9s remontent de la strate 11 (derni\u00e8res modifications prises par le Gouvernement de la Communaut\u00e9 fran\u00e7aise) \u00e0 la strate 1 (fr\u00e9quences initiales h\u00e9rit\u00e9es des accords internationaux de l'UIT). Les caract\u00e9ristiques techniques de chaque fr\u00e9quence sont d\u00e9termin\u00e9es par la strate en vigueur la plus haute.\n<ul>\n \t<li><a href=\"http:\/\/www.csa.be\/documents\/1834\">Strate 11<\/a>.\u00a0Arr\u00eat\u00e9 du Gouvernement de la Communaut\u00e9 fran\u00e7aise fixant une liste de radiofr\u00e9quences assignables aux \u00e9diteurs de services pour la diffusion de service de radiodiffusion sonore en mode analogique par voie hertzienne terrestre sans qu'une autre Communaut\u00e9 soit emp\u00each\u00e9e de mener sa propre politique en mati\u00e8re de radiodiffusion sonore en mode analogique par voie hertzienne terrestre<\/li>\n \t<li><a href=\"http:\/\/www.csa.be\/documents\/show\/1500\">Strate10<\/a>. Arr\u00eat\u00e9 du Gouvernement de la Communaut\u00e9 fran\u00e7aise fixant une liste de radiofr\u00e9quences assignables aux \u00e9diteurs de services pour la diffusion de service de radiodiffusion sonore en mode analogique par voie hertzienne terrestre.<\/li>\n \t<li><a href=\"http:\/\/www.csa.be\/documents\/show\/1420\">Strate 9<\/a>. Arr\u00eat\u00e9 du Gouvernement de la Communaut\u00e9 fran\u00e7aise fixant une liste de radiofr\u00e9quences assignables aux \u00e9diteurs de services pour la diffusion de service de radiodiffusion sonore en mode analogique par voie hertzienne terrestre.<\/li>\n \t<li><a title=\"Strate 8 \" href=\"http:\/\/www.csa.be\/documents\/show\/1055\">Strate 8<\/a>. Arr\u00eat\u00e9 du Gouvernement de la Communaut\u00e9 fran\u00e7aise fixant une liste de radiofr\u00e9quences assignables aux \u00e9diteurs de services pour la diffusion de service de radiodiffusion sonore en mode analogique par voie hertzienne terrestre.<\/li>\n \t<li><a href=\"http:\/\/www.csa.be\/documents\/839\" target=\"_blank\" rel=\"noopener\">Strate 7<\/a>. Arr\u00eat\u00e9 du Gouvernement de la Communaut\u00e9 fran\u00e7aise fixant une liste de radiofr\u00e9quences assignables aux \u00e9diteurs de services pour la diffusion de service de radiodiffusion sonore en mode analogique par voie hertzienne terrestre<\/li>\n \t<li><a href=\"http:\/\/www.csa.be\/documents\/759\" target=\"_blank\" rel=\"noopener\">Strate 6<\/a>. Arr\u00eat\u00e9 fixant la liste des radiofr\u00e9quences assignables aux \u00e9diteurs de services pour la diffusion de service de radiodiffusion sonore en mode analogique par voie hertzienne terrestre sans qu'une autre Communaut\u00e9 soit emp\u00each\u00e9e de mener sa propre politique en mati\u00e8re de radiodiffusion sonore en mode analogique par voie hertzienne terrestre.<\/li>\n \t<li><a href=\"http:\/\/www.csa.be\/documents\/758\" target=\"_blank\" rel=\"noopener\">Strate 5<\/a>. Arr\u00eat\u00e9 fixant la liste des radiofr\u00e9quences assignables aux \u00e9diteurs de services pour la diffusion de service de radiodiffusion sonore en mode analogique par voie hertzienne terrestre ayant fait l'objet d'un accord technique au sein du groupe de travail mis en place par d\u00e9cision du Comit\u00e9 de concertation Gouvernement f\u00e9d\u00e9ral - Ex\u00e9cutifs des Communaut\u00e9s et R\u00e9gions du 20 avril 2005<\/li>\n \t<li><a href=\"http:\/\/www.csa.be\/documents\/757\" target=\"_blank\" rel=\"noopener\">Strate 4<\/a>. Arr\u00eat\u00e9 fixant la liste des radiofr\u00e9quences assignables aux \u00e9diteurs de services pour la diffusion de service de radiodiffusion sonore en mode analogique par voie hertzienne terrestre ayant fait l'objet d'un accord technique pr\u00e9alable au comit\u00e9 de concertation du 29 novembre 2002.<\/li>\n \t<li><a href=\"http:\/\/www.csa.be\/documents\/756\" target=\"_blank\" rel=\"noopener\">Strate 3<\/a>. Arr\u00eat\u00e9 fixant la liste des radiofr\u00e9quences assignables aux \u00e9diteurs de services pour la diffusion de service de radiodiffusion sonore en mode analogique par voie hertzienne terrestre sur base des dispositions de coordinations \u00e9tablies par l'arr\u00eat\u00e9 royal du 10 janvier 1992 r\u00e9glementant la radiodiffusion sonore en modulation de fr\u00e9quence dans la bande 87.5 MHz-108 MHz.<\/li>\n \t<li><a href=\"http:\/\/www.csa.be\/documents\/755\" target=\"_blank\" rel=\"noopener\">Strate 2<\/a>. Arr\u00eat\u00e9 fixant la liste des radiofr\u00e9quences assignables aux \u00e9diteurs de services pour la diffusion de service de radiodiffusion sonore en mode analogique par voie hertzienne terrestre sur base du plan \u00e9tabli par l'IBPT.<\/li>\n \t<li><a href=\"http:\/\/www.csa.be\/documents\/754\" target=\"_blank\" rel=\"noopener\">Strate 1<\/a>. Arr\u00eat\u00e9 fixant la liste des radiofr\u00e9quences assignables aux \u00e9diteurs de services pour la diffusion de service de radiodiffusion sonore en mode analogique par voie hertzienne terrestre sur base des assignations belges figurant \u00e0 l'annexe Ire de l'Accord r\u00e9gional relatif \u00e0 l'utilisation de la bande 87.5-108 MHz pour la radiodiffusion sonore \u00e0 modulation de fr\u00e9quences, conclu \u00e0 Gen\u00e8ve le 7 d\u00e9cembre 1984.<\/li>\n<\/ul>\n<strong>Proc\u00e9dure d'attribution des fr\u00e9quences par le CSA<\/strong>\n\nAfin d'assurer l'objectivit\u00e9 et la transparence de la proc\u00e9dure d'appel d'offres pour l'attribution des fr\u00e9quences FM, le CSA a adopt\u00e9 en date du 27 f\u00e9vrier 2014\u00a0<a href=\"http:\/\/www.csa.be\/documents\/2231\">une recommandation relative \u00e0 la diversit\u00e9 et \u00e0 l'\u00e9quilibre des formats de radio<\/a>\u00a0dans le cadre du pr\u00e9sent appel d'offre. C'est cette recommandation qui\u00a0<strong>pr\u00e9cise le profil de radio qui sera prioritaire dans l'attribution de la radiofr\u00e9quence attribuable<\/strong>.\n\nLe CSA a publi\u00e9 une telle recommandation \u00e0 chaque appel d\u2019offres :\n<ul>\n \t<li>une\u00a0<a href=\"http:\/\/www.csa.be\/documents\/show\/775\">premi\u00e8re\u00a0<\/a><a href=\"http:\/\/www.csa.be\/documents\/show\/775\">Recommandation relative \u00e0 la diversit\u00e9 et \u00e0 l'\u00e9quilibre des formats de radio<\/a>\u00a0adopt\u00e9e le 14 f\u00e9vrier 2008 en application du m\u00eame ROI, dans le cadre du premier appel d'offres (FM2008). Cette recommandation est destin\u00e9e \u00e0 pr\u00e9ciser la mani\u00e8re dont le Coll\u00e8ge entend \"assurer une diversit\u00e9 du paysage radiophonique et un \u00e9quilibre entre les diff\u00e9rents formats de radios, \u00e0 travers l'offre musicale, culturelle et d'information.\" La recommandation actuelle y fait r\u00e9f\u00e9rence pour la d\u00e9finition des profils de radios.<\/li>\n \t<li>une\u00a0<a href=\"http:\/\/www.csa.be\/documents\/show\/852\" target=\"_blank\" rel=\"noopener\">deuxi\u00e8me Recommandation relative \u00e0 la diversit\u00e9 et \u00e0 l'\u00e9quilibre des formats de radio<\/a>\u00a0adopt\u00e9e\u00a0le 15 juillet 2008 dans le cadre du second appel d'offres (FM2008bis).<\/li>\n \t<li>une\u00a0<a title=\"Recommandation relative \u00e0 la diversit\u00e9 et \u00e0 l'\u00e9quilibre des formats de radio (25 juin 2009)\" href=\"http:\/\/www.csa.be\/documents\/show\/1056\">troisi\u00e8me Recommandation relative \u00e0 la diversit\u00e9 et \u00e0 l'\u00e9quilibre des formats de radio<\/a>\u00a0adopt\u00e9e le 25 juin 2009 dans le cadre du troisi\u00e8me appel d'offres (FM2009).<\/li>\n \t<li>une\u00a0<a title=\"Recommandation\" href=\"http:\/\/www.csa.be\/documents\/show\/1441\">quatri\u00e8me Recommandation relative \u00e0 la diversit\u00e9 et \u00e0 l'\u00e9quilibre des formats de radio<\/a>\u00a0 adopt\u00e9e le 23 d\u00e9cembre 2010 dans le cadre du quatri\u00e8me appel d'offres (FM2010).<\/li>\n \t<li>une cinqui\u00e8me\u00a0<a href=\"http:\/\/www.csa.be\/documents\/1514\">recommandation relative \u00e0 la diversit\u00e9 et \u00e0 l'\u00e9quilibre des formats de radio<\/a>\u00a0adopt\u00e9e le 29 avril 2011 dans le cadre du cinqui\u00e8me appel d'offres (FM2011).<\/li>\n \t<li>une sixi\u00e8me\u00a0<a href=\"http:\/\/www.csa.be\/documents\/1866\">recommandation relative \u00e0 la diversit\u00e9 et \u00e0 l\u2019\u00e9quilibre des formats de radio<\/a>\u00a0adopt\u00e9e le 4 octobre 2012 dans le cadre du sixi\u00e8me appel d\u2019offres (FM2012).<\/li>\n<\/ul>\nLes documents suivants apportent \u00e9galement des pr\u00e9cisions utiles sur la m\u00e9thodologie et les crit\u00e8res utilis\u00e9s par le CSA pour effectuer ses choix :\n<ul>\n \t<li>Le CSA a adopt\u00e9 un\u00a0<a href=\"http:\/\/www.csa.be\/documents\/show\/774\">compl\u00e9ment \u00e0 son r\u00e8glement d'ordre int\u00e9rieur (ROI)<\/a>, qui pr\u00e9cise les proc\u00e9dures qu'il mettra en \u0153uvre en mati\u00e8re d'assignation des fr\u00e9quences FM. Ce compl\u00e9ment a \u00e9t\u00e9 approuv\u00e9 par le Gouvernement, conform\u00e9ment \u00e0 l'article 145 \u00a74 du d\u00e9cret coordonn\u00e9 sur les services de m\u00e9dias audiovisuels.<\/li>\n \t<li>Le CSA a \u00e9galement publi\u00e9, le 29 ao\u00fbt 2007, une\u00a0<a href=\"http:\/\/www.csa.be\/documents\/show\/673\">Recommandation relative \u00e0 la diversit\u00e9 du paysage radiophonique et \u00e0 l'acc\u00e8s du public \u00e0 une offre plurielle en radiodiffusion sonore<\/a>, dans laquelle il \u00e9nonce une s\u00e9rie de crit\u00e8res qu'il utilisera pour \u00e9valuer la diversit\u00e9 et le pluralisme du paysage radiophonique, notamment dans le cadre de la proc\u00e9dure d'attribution.\u00a0<strong>De plus amples renseignements sur les aspects li\u00e9s au pluralisme peuvent \u00eatre obtenus sur simple demande aupr\u00e8s du Conseil sup\u00e9rieur de l'audiovisuel.<\/strong><\/li>\n<\/ul>","_et_gb_content_width":"","footnotes":""},"class_list":["post-23","page","type-page","status-publish","hentry"],"_links":{"self":[{"href":"https:\/\/www.csa.be\/plandefrequences\/wp-json\/wp\/v2\/pages\/23","targetHints":{"allow":["GET"]}}],"collection":[{"href":"https:\/\/www.csa.be\/plandefrequences\/wp-json\/wp\/v2\/pages"}],"about":[{"href":"https:\/\/www.csa.be\/plandefrequences\/wp-json\/wp\/v2\/types\/page"}],"author":[{"embeddable":true,"href":"https:\/\/www.csa.be\/plandefrequences\/wp-json\/wp\/v2\/users\/2"}],"replies":[{"embeddable":true,"href":"https:\/\/www.csa.be\/plandefrequences\/wp-json\/wp\/v2\/comments?post=23"}],"version-history":[{"count":0,"href":"https:\/\/www.csa.be\/plandefrequences\/wp-json\/wp\/v2\/pages\/23\/revisions"}],"wp:attachment":[{"href":"https:\/\/www.csa.be\/plandefrequences\/wp-json\/wp\/v2\/media?parent=23"}],"curies":[{"name":"wp","href":"https:\/\/api.w.org\/{rel}","templated":true}]}}