{"id":70,"date":"2018-11-08T12:30:23","date_gmt":"2018-11-08T11:30:23","guid":{"rendered":"https:\/\/cdoc-csa.be\/pfrequence\/?page_id=70"},"modified":"2021-07-06T16:51:32","modified_gmt":"2021-07-06T14:51:32","slug":"procedure","status":"publish","type":"page","link":"https:\/\/www.csa.be\/plandefrequences\/procedure\/","title":{"rendered":"D\u00e9poser votre candidature"},"content":{"rendered":"<p>[et_pb_section fb_built=\u00a0\u00bb1&Prime; admin_label=\u00a0\u00bbsection\u00a0\u00bb _builder_version=\u00a0\u00bb3.22&Prime;][et_pb_row admin_label=\u00a0\u00bbrow\u00a0\u00bb _builder_version=\u00a0\u00bb3.25&Prime; background_size=\u00a0\u00bbinitial\u00a0\u00bb background_position=\u00a0\u00bbtop_left\u00a0\u00bb background_repeat=\u00a0\u00bbrepeat\u00a0\u00bb][et_pb_column type=\u00a0\u00bb4_4&Prime; _builder_version=\u00a0\u00bb3.25&Prime; custom_padding=\u00a0\u00bb|||\u00a0\u00bb custom_padding__hover=\u00a0\u00bb|||\u00a0\u00bb][et_pb_text admin_label=\u00a0\u00bbText\u00a0\u00bb _builder_version=\u00a0\u00bb3.27.4&Prime; background_size=\u00a0\u00bbinitial\u00a0\u00bb background_position=\u00a0\u00bbtop_left\u00a0\u00bb background_repeat=\u00a0\u00bbrepeat\u00a0\u00bb]<\/p>\n<p><strong>Proc\u00e9dure<\/strong> \u00a0 L\u2019attribution des radiofr\u00e9quences FM et DAB+ en Communaut\u00e9 fran\u00e7aise fait l\u2019objet d\u2019un appel d\u2019offres : cette proc\u00e9dure implique certaines exigences afin d\u2019assurer tant son assise juridique que le respect du principe de l\u2019\u00e9galit\u00e9 de traitement entre tous les demandeurs. Les dossiers feront l\u2019objet d\u2019un traitement standardis\u00e9 par le CSA dans des d\u00e9lais restreints, impos\u00e9s par d\u00e9cret. Il est donc dans l\u2019int\u00e9r\u00eat des demandeurs, afin que leurs dossiers soient trait\u00e9s dans les meilleures conditions, de respecter les formes requises dans la constitution de ceux-ci. C\u2019est pourquoi, en compl\u00e9ment des consignes r\u00e9pertori\u00e9es en t\u00eate du formulaire, nous vous rappelons les points suivants :<\/p>\n<ul>\n<li style=\"list-style-type: none\">\n<ul>\n<li>la r\u00e9ponse \u00e0 l\u2019appel d\u2019offre est introduite, par envoi postal et recommand\u00e9 avec accus\u00e9 de r\u00e9ception, aupr\u00e8s du Pr\u00e9sident du Conseil sup\u00e9rieur de l\u2019Audiovisuel (CSA) \u00e0 l\u2019adresse suivante\u00a0: CSA, 89 rue Royale, 1000 Bruxelles. Elle doit \u00eatre d\u00e9pos\u00e9e \u00e0 la poste dans <strong>les soixante jours calendrier suivant la publication de l\u2019appel d\u2019offres au Moniteur belge<\/strong>, le cachet de la poste faisant foi. Si la r\u00e9ponse est envoy\u00e9e sous plusieurs plis, chaque pli doit \u00eatre envoy\u00e9 par courrier postal recommand\u00e9 avec accus\u00e9 de r\u00e9ception\u00a0;<\/li>\n<\/ul>\n<\/li>\n<\/ul>\n<p>&nbsp;<\/p>\n<ul>\n<li style=\"list-style-type: none\">\n<ul>\n<li>la r\u00e9ponse \u00e0 l\u2019appel d\u2019offre doit \u00eatre r\u00e9dig\u00e9e sur les formulaires types<strong> t\u00e9l\u00e9chargeables ci-dessous<\/strong>\u00a0 pour les radios en r\u00e9seau et\u00a0 pour les radios ind\u00e9pendantes. Chaque demande d\u2019autorisation et ses annexes seront adress\u00e9es en un exemplaire papier et une version \u00e9lectronique dans un format exploitable (pas de scans d\u2019image) sur cl\u00e9 USB sous pli ferm\u00e9 mentionnant lisiblement le nom et l\u2019adresse du si\u00e8ge social du demandeur.<\/li>\n<\/ul>\n<\/li>\n<\/ul>\n<ul>\n<li style=\"list-style-type: none\">\n<ul>\n<li>chaque demande d\u2019autorisation sera sign\u00e9e, au nom du demandeur, par la ou les personnes l\u00e9galement habilit\u00e9es \u00e0 engager le demandeur\u00a0;<\/li>\n<\/ul>\n<ul>\n<li>le demandeur peut se porter candidat \u00e0 plusieurs radiofr\u00e9quences ou r\u00e9seaux de radiofr\u00e9quences. Dans ce cas, il \u00e9nonce et motive ses pr\u00e9f\u00e9rences. Le demandeur qui sollicite un r\u00e9seau de radiofr\u00e9quences de cat\u00e9gorie A vis\u00e9 \u00e0 l\u2019annexe 1 ou un r\u00e9seau de radiofr\u00e9quences vis\u00e9 \u00e0 l\u2019annexe 3 du pr\u00e9sent arr\u00eat\u00e9 est tenu de postuler \u00e0 au moins deux r\u00e9seaux en les classant par ordre de pr\u00e9f\u00e9rence et en motivant son classement ;<\/li>\n<\/ul>\n<ul>\n<li>\u00e0 d\u00e9faut de respecter les conditions de formes d\u2019introduction de la demande et de fournir un dossier complet dans le d\u00e9lai imparti, la demande est irrecevable\u00a0;<\/li>\n<\/ul>\n<ul>\n<li>dans le mois de la date de cl\u00f4ture de l\u2019appel d\u2019offre, le Pr\u00e9sident du CSA notifie au demandeur la prise en compte de sa demande et en informe le Ministre ayant l\u2019audiovisuel dans ses attributions ainsi que le Secr\u00e9taire g\u00e9n\u00e9ral du Minist\u00e8re de la Communaut\u00e9 fran\u00e7aise. Dans le cadre de cette notification, le Pr\u00e9sident du CSA informe le demandeur de la recevabilit\u00e9 ou de l\u2019irrecevabilit\u00e9 de sa demande.<\/li>\n<\/ul>\n<\/li>\n<\/ul>\n<p>&nbsp;<\/p>\n<p>[\/et_pb_text][\/et_pb_column][\/et_pb_row][et_pb_row _builder_version=\u00a0\u00bb3.25&Prime;][et_pb_column type=\u00a0\u00bb4_4&Prime; _builder_version=\u00a0\u00bb3.25&Prime; custom_padding=\u00a0\u00bb|||\u00a0\u00bb custom_padding__hover=\u00a0\u00bb|||\u00a0\u00bb][et_pb_cta title=\u00a0\u00bbGuide de remplissage de votre candidature\u00a0\u00bb button_url=\u00a0\u00bbhttps:\/\/www.csa.be\/document\/plan-de-frequences-2019-guide-de-remplissage-du-formulaire\/\u00a0\u00bb button_text=\u00a0\u00bbJe t\u00e9l\u00e9charge\u00a0\u00bb _builder_version=\u00a0\u00bb4.5.6&Prime; background_color=\u00a0\u00bb#b77875&Prime; filter_hue_rotate=\u00a0\u00bb220deg\u00a0\u00bb filter_saturate=\u00a0\u00bb64%\u00a0\u00bb filter_brightness=\u00a0\u00bb110%\u00a0\u00bb hover_enabled=\u00a0\u00bb0&Prime; button_text_size__hover_enabled=\u00a0\u00bboff\u00a0\u00bb button_one_text_size__hover_enabled=\u00a0\u00bboff\u00a0\u00bb button_two_text_size__hover_enabled=\u00a0\u00bboff\u00a0\u00bb button_text_color__hover_enabled=\u00a0\u00bboff\u00a0\u00bb button_one_text_color__hover_enabled=\u00a0\u00bboff\u00a0\u00bb button_two_text_color__hover_enabled=\u00a0\u00bboff\u00a0\u00bb button_border_width__hover_enabled=\u00a0\u00bboff\u00a0\u00bb button_one_border_width__hover_enabled=\u00a0\u00bboff\u00a0\u00bb button_two_border_width__hover_enabled=\u00a0\u00bboff\u00a0\u00bb button_border_color__hover_enabled=\u00a0\u00bboff\u00a0\u00bb button_one_border_color__hover_enabled=\u00a0\u00bboff\u00a0\u00bb button_two_border_color__hover_enabled=\u00a0\u00bboff\u00a0\u00bb button_border_radius__hover_enabled=\u00a0\u00bboff\u00a0\u00bb button_one_border_radius__hover_enabled=\u00a0\u00bboff\u00a0\u00bb button_two_border_radius__hover_enabled=\u00a0\u00bboff\u00a0\u00bb button_letter_spacing__hover_enabled=\u00a0\u00bboff\u00a0\u00bb button_one_letter_spacing__hover_enabled=\u00a0\u00bboff\u00a0\u00bb button_two_letter_spacing__hover_enabled=\u00a0\u00bboff\u00a0\u00bb button_bg_color__hover_enabled=\u00a0\u00bboff\u00a0\u00bb button_one_bg_color__hover_enabled=\u00a0\u00bboff\u00a0\u00bb button_two_bg_color__hover_enabled=\u00a0\u00bboff\u00a0\u00bb][\/et_pb_cta][\/et_pb_column][\/et_pb_row][et_pb_row _builder_version=\u00a0\u00bb3.25&Prime; column_structure=\u00a0\u00bb1_2,1_2&Prime;][et_pb_column type=\u00a0\u00bb1_2&Prime; _builder_version=\u00a0\u00bb3.25&Prime; custom_padding=\u00a0\u00bb|||\u00a0\u00bb custom_padding__hover=\u00a0\u00bb|||\u00a0\u00bb][et_pb_cta title=\u00a0\u00bbFormulaire de candidature pour les radios ind\u00e9pendantes (VERSION WORD)\u00a0\u00bb button_url=\u00a0\u00bbhttps:\/\/www.csa.be\/document\/fm2019-formulaire-de-candidature-radios-independantes-formulaire-vierge\/\u00a0\u00bb button_text=\u00a0\u00bbJe t\u00e9l\u00e9charge\u00a0\u00bb _builder_version=\u00a0\u00bb4.5.6&Prime; filter_hue_rotate=\u00a0\u00bb312deg\u00a0\u00bb filter_saturate=\u00a0\u00bb166%\u00a0\u00bb filter_contrast=\u00a0\u00bb129%\u00a0\u00bb hover_enabled=\u00a0\u00bb0&Prime; button_text_size__hover_enabled=\u00a0\u00bboff\u00a0\u00bb button_one_text_size__hover_enabled=\u00a0\u00bboff\u00a0\u00bb button_two_text_size__hover_enabled=\u00a0\u00bboff\u00a0\u00bb button_text_color__hover_enabled=\u00a0\u00bboff\u00a0\u00bb button_one_text_color__hover_enabled=\u00a0\u00bboff\u00a0\u00bb button_two_text_color__hover_enabled=\u00a0\u00bboff\u00a0\u00bb button_border_width__hover_enabled=\u00a0\u00bboff\u00a0\u00bb button_one_border_width__hover_enabled=\u00a0\u00bboff\u00a0\u00bb button_two_border_width__hover_enabled=\u00a0\u00bboff\u00a0\u00bb button_border_color__hover_enabled=\u00a0\u00bboff\u00a0\u00bb button_one_border_color__hover_enabled=\u00a0\u00bboff\u00a0\u00bb button_two_border_color__hover_enabled=\u00a0\u00bboff\u00a0\u00bb button_border_radius__hover_enabled=\u00a0\u00bboff\u00a0\u00bb button_one_border_radius__hover_enabled=\u00a0\u00bboff\u00a0\u00bb button_two_border_radius__hover_enabled=\u00a0\u00bboff\u00a0\u00bb button_letter_spacing__hover_enabled=\u00a0\u00bboff\u00a0\u00bb button_one_letter_spacing__hover_enabled=\u00a0\u00bboff\u00a0\u00bb button_two_letter_spacing__hover_enabled=\u00a0\u00bboff\u00a0\u00bb button_bg_color__hover_enabled=\u00a0\u00bboff\u00a0\u00bb button_one_bg_color__hover_enabled=\u00a0\u00bboff\u00a0\u00bb button_two_bg_color__hover_enabled=\u00a0\u00bboff\u00a0\u00bb][\/et_pb_cta][\/et_pb_column][et_pb_column type=\u00a0\u00bb1_2&Prime; _builder_version=\u00a0\u00bb3.25&Prime; custom_padding=\u00a0\u00bb|||\u00a0\u00bb custom_padding__hover=\u00a0\u00bb|||\u00a0\u00bb][et_pb_cta title=\u00a0\u00bbFormulaire de candidature pour les radios ind\u00e9pendantes (VERSION Open Office)\u00a0\u00bb button_url=\u00a0\u00bbhttps:\/\/www.csa.be\/dabplus2019\/wp-content\/uploads\/sites\/3\/2019\/01\/OK_annexe_8_AO_FORMULAIRE_INDEPENDANTES-SANS-COM.odt\u00a0\u00bb button_text=\u00a0\u00bbJe t\u00e9l\u00e9charge\u00a0\u00bb _builder_version=\u00a0\u00bb3.16&Prime; filter_hue_rotate=\u00a0\u00bb312deg\u00a0\u00bb filter_saturate=\u00a0\u00bb166%\u00a0\u00bb filter_contrast=\u00a0\u00bb129%\u00a0\u00bb button_text_size__hover_enabled=\u00a0\u00bboff\u00a0\u00bb button_one_text_size__hover_enabled=\u00a0\u00bboff\u00a0\u00bb button_two_text_size__hover_enabled=\u00a0\u00bboff\u00a0\u00bb button_text_color__hover_enabled=\u00a0\u00bboff\u00a0\u00bb button_one_text_color__hover_enabled=\u00a0\u00bboff\u00a0\u00bb button_two_text_color__hover_enabled=\u00a0\u00bboff\u00a0\u00bb button_border_width__hover_enabled=\u00a0\u00bboff\u00a0\u00bb button_one_border_width__hover_enabled=\u00a0\u00bboff\u00a0\u00bb button_two_border_width__hover_enabled=\u00a0\u00bboff\u00a0\u00bb button_border_color__hover_enabled=\u00a0\u00bboff\u00a0\u00bb button_one_border_color__hover_enabled=\u00a0\u00bboff\u00a0\u00bb button_two_border_color__hover_enabled=\u00a0\u00bboff\u00a0\u00bb button_border_radius__hover_enabled=\u00a0\u00bboff\u00a0\u00bb button_one_border_radius__hover_enabled=\u00a0\u00bboff\u00a0\u00bb button_two_border_radius__hover_enabled=\u00a0\u00bboff\u00a0\u00bb button_letter_spacing__hover_enabled=\u00a0\u00bboff\u00a0\u00bb button_one_letter_spacing__hover_enabled=\u00a0\u00bboff\u00a0\u00bb button_two_letter_spacing__hover_enabled=\u00a0\u00bboff\u00a0\u00bb button_bg_color__hover_enabled=\u00a0\u00bboff\u00a0\u00bb button_one_bg_color__hover_enabled=\u00a0\u00bboff\u00a0\u00bb button_two_bg_color__hover_enabled=\u00a0\u00bboff\u00a0\u00bb][\/et_pb_cta][\/et_pb_column][\/et_pb_row][et_pb_row _builder_version=\u00a0\u00bb3.25&Prime; column_structure=\u00a0\u00bb1_2,1_2&Prime;][et_pb_column type=\u00a0\u00bb1_2&Prime; _builder_version=\u00a0\u00bb3.25&Prime; custom_padding=\u00a0\u00bb|||\u00a0\u00bb custom_padding__hover=\u00a0\u00bb|||\u00a0\u00bb][et_pb_cta title=\u00a0\u00bbFormulaire de candidature pour les radios en r\u00e9seau (VERSION WORD)\u00a0\u00bb button_url=\u00a0\u00bbhttp:\/\/www.csa.be\/documents\/2971&Prime; button_text=\u00a0\u00bbJe t\u00e9l\u00e9charge\u00a0\u00bb _builder_version=\u00a0\u00bb3.16&Prime; background_color=\u00a0\u00bb#bf7e7a\u00a0\u00bb filter_hue_rotate=\u00a0\u00bb217deg\u00a0\u00bb filter_saturate=\u00a0\u00bb169%\u00a0\u00bb filter_contrast=\u00a0\u00bb129%\u00a0\u00bb button_text_size__hover_enabled=\u00a0\u00bboff\u00a0\u00bb button_one_text_size__hover_enabled=\u00a0\u00bboff\u00a0\u00bb button_two_text_size__hover_enabled=\u00a0\u00bboff\u00a0\u00bb button_text_color__hover_enabled=\u00a0\u00bboff\u00a0\u00bb button_one_text_color__hover_enabled=\u00a0\u00bboff\u00a0\u00bb button_two_text_color__hover_enabled=\u00a0\u00bboff\u00a0\u00bb button_border_width__hover_enabled=\u00a0\u00bboff\u00a0\u00bb button_one_border_width__hover_enabled=\u00a0\u00bboff\u00a0\u00bb button_two_border_width__hover_enabled=\u00a0\u00bboff\u00a0\u00bb button_border_color__hover_enabled=\u00a0\u00bboff\u00a0\u00bb button_one_border_color__hover_enabled=\u00a0\u00bboff\u00a0\u00bb button_two_border_color__hover_enabled=\u00a0\u00bboff\u00a0\u00bb button_border_radius__hover_enabled=\u00a0\u00bboff\u00a0\u00bb button_one_border_radius__hover_enabled=\u00a0\u00bboff\u00a0\u00bb button_two_border_radius__hover_enabled=\u00a0\u00bboff\u00a0\u00bb button_letter_spacing__hover_enabled=\u00a0\u00bboff\u00a0\u00bb button_one_letter_spacing__hover_enabled=\u00a0\u00bboff\u00a0\u00bb button_two_letter_spacing__hover_enabled=\u00a0\u00bboff\u00a0\u00bb button_bg_color__hover_enabled=\u00a0\u00bboff\u00a0\u00bb button_one_bg_color__hover_enabled=\u00a0\u00bboff\u00a0\u00bb button_two_bg_color__hover_enabled=\u00a0\u00bboff\u00a0\u00bb][\/et_pb_cta][\/et_pb_column][et_pb_column type=\u00a0\u00bb1_2&Prime; _builder_version=\u00a0\u00bb3.25&Prime; custom_padding=\u00a0\u00bb|||\u00a0\u00bb custom_padding__hover=\u00a0\u00bb|||\u00a0\u00bb][et_pb_cta title=\u00a0\u00bbFormulaire de candidature pour les radios en r\u00e9seau (VERSION Open Office)\u00a0\u00bb button_url=\u00a0\u00bbhttps:\/\/www.csa.be\/dabplus2019\/wp-content\/uploads\/sites\/3\/2019\/01\/OK_annexe_7_AO_FORMULAIRE_RESEAUX-SANS-COM.odt\u00a0\u00bb button_text=\u00a0\u00bbJe t\u00e9l\u00e9charge\u00a0\u00bb _builder_version=\u00a0\u00bb3.16&Prime; background_color=\u00a0\u00bb#c4817d\u00a0\u00bb filter_hue_rotate=\u00a0\u00bb217deg\u00a0\u00bb filter_saturate=\u00a0\u00bb169%\u00a0\u00bb filter_contrast=\u00a0\u00bb129%\u00a0\u00bb button_text_size__hover_enabled=\u00a0\u00bboff\u00a0\u00bb button_one_text_size__hover_enabled=\u00a0\u00bboff\u00a0\u00bb button_two_text_size__hover_enabled=\u00a0\u00bboff\u00a0\u00bb button_text_color__hover_enabled=\u00a0\u00bboff\u00a0\u00bb button_one_text_color__hover_enabled=\u00a0\u00bboff\u00a0\u00bb button_two_text_color__hover_enabled=\u00a0\u00bboff\u00a0\u00bb button_border_width__hover_enabled=\u00a0\u00bboff\u00a0\u00bb button_one_border_width__hover_enabled=\u00a0\u00bboff\u00a0\u00bb button_two_border_width__hover_enabled=\u00a0\u00bboff\u00a0\u00bb button_border_color__hover_enabled=\u00a0\u00bboff\u00a0\u00bb button_one_border_color__hover_enabled=\u00a0\u00bboff\u00a0\u00bb button_two_border_color__hover_enabled=\u00a0\u00bboff\u00a0\u00bb button_border_radius__hover_enabled=\u00a0\u00bboff\u00a0\u00bb button_one_border_radius__hover_enabled=\u00a0\u00bboff\u00a0\u00bb button_two_border_radius__hover_enabled=\u00a0\u00bboff\u00a0\u00bb button_letter_spacing__hover_enabled=\u00a0\u00bboff\u00a0\u00bb button_one_letter_spacing__hover_enabled=\u00a0\u00bboff\u00a0\u00bb button_two_letter_spacing__hover_enabled=\u00a0\u00bboff\u00a0\u00bb button_bg_color__hover_enabled=\u00a0\u00bboff\u00a0\u00bb button_one_bg_color__hover_enabled=\u00a0\u00bboff\u00a0\u00bb button_two_bg_color__hover_enabled=\u00a0\u00bboff\u00a0\u00bb][\/et_pb_cta][\/et_pb_column][\/et_pb_row][\/et_pb_section]<\/p>\n","protected":false},"excerpt":{"rendered":"<p>Proc\u00e9dure \u00a0 L\u2019attribution des radiofr\u00e9quences FM et DAB+ en Communaut\u00e9 fran\u00e7aise fait l\u2019objet d\u2019un appel d\u2019offres : cette proc\u00e9dure implique certaines exigences afin d\u2019assurer tant son assise juridique que le respect du principe de l\u2019\u00e9galit\u00e9 de traitement entre tous les demandeurs. Les dossiers feront l\u2019objet d\u2019un traitement standardis\u00e9 par le CSA dans des d\u00e9lais restreints, [&hellip;]<\/p>\n","protected":false},"author":2,"featured_media":0,"parent":0,"menu_order":0,"comment_status":"closed","ping_status":"closed","template":"","meta":{"_et_pb_use_builder":"on","_et_pb_old_content":"<strong>. Proc\u00e9dure<\/strong> (ce qui a \u00e9t\u00e9 mis en ligne en 2008)\u00a0:\n\nExplique comment proc\u00e9der pour \u00eatre candidat\n\n<strong>Dossiers de candidature<\/strong>\n\nL\u2019attribution des radiofr\u00e9quences fm en Communaut\u00e9 fran\u00e7aise fait l\u2019objet d\u2019un appel d\u2019offres : cette proc\u00e9dure implique certaines exigences afin d\u2019assurer tant son assise juridique que le respect du principe de l\u2019\u00e9galit\u00e9 de traitement entre tous les demandeurs.\n\nLes dossiers feront l\u2019objet d\u2019un traitement standardis\u00e9 par le CSA dans des d\u00e9lais restreints, impos\u00e9s par d\u00e9cret. Il est donc dans l\u2019int\u00e9r\u00eat des demandeurs, afin que leurs dossiers soient trait\u00e9s dans les meilleures conditions, de respecter les formes requises dans la constitution de ceux-ci.\nC\u2019est pourquoi, en compl\u00e9ment des consignes r\u00e9pertori\u00e9es en t\u00eate du formulaire, nous vous rappelons les points suivants :\n<ul>\n \t<li>Le dossier doit \u00eatre adress\u00e9, sous pli recommand\u00e9 avec accus\u00e9 de r\u00e9ception, au Conseil sup\u00e9rieur de l\u2019Audiovisuel en 3 exemplaires : 2 versions \u00ab papier \u00bb dont une non reli\u00e9e et 1 version \u00e9lectronique sur CD ROM<\/li>\n \t<li>Le dossier peut \u00eatre envoy\u00e9 par recommand\u00e9 jusqu\u2019au 22 mars inclus. Attention, c\u2019est un samedi !<\/li>\n \t<li>Envoyer votre dossier trop t\u00f4t ne sert \u00e0 rien : il ne sera pas ouvert avant la cl\u00f4ture de l\u2019appel d\u2019offres ; attendez la cl\u00f4ture des questions\/r\u00e9ponses sur le site fm2008.be, le 7 mars 2008, afin de b\u00e9n\u00e9ficier d\u2019un maximum d\u2019informations<\/li>\n \t<li>Le dossier doit \u00eatre r\u00e9dig\u00e9 dans les formes de l\u2019annexe 3 \u00e0 l\u2019arr\u00eat\u00e9 \u00ab appel d\u2019offres \u00bb du 22 janvier 2008 : ce formulaire est t\u00e9l\u00e9chargeable sur le site www.fm2008.be<\/li>\n \t<li>Le dossier doit \u00eatre complet : une fois ouvert, il ne sera plus possible de le compl\u00e9ter<\/li>\n \t<li>Toutes les rubriques doivent \u00eatre remplies, le cas \u00e9ch\u00e9ant par la mention \u00ab n\u00e9ant \u00bb ou \u00ab sans objet \u00bb : ne supprimez aucun \u00e9l\u00e9ment du formulaire original.<\/li>\n \t<li>Chaque page doit \u00eatre clairement identifi\u00e9e et num\u00e9rot\u00e9e<\/li>\n \t<li>Il est possible \u2013et parfois demand\u00e9- de d\u00e9velopper certains aspects du dossier sous forme d\u2019annexes : les pages de ces annexes doivent \u00e9galement \u00eatre identifi\u00e9es et num\u00e9rot\u00e9es<\/li>\n \t<li>Un <a href=\"http:\/\/www.csa.be\/system\/document\/nom\/787\/FM2008_guide_formulaire.pdf\">guide de remplissage du formulaire<\/a> compile les informations utiles et sera mis \u00e0 jour avec les r\u00e9ponses aux questions re\u00e7ues.<\/li>\n<\/ul>","_et_gb_content_width":"","footnotes":""},"class_list":["post-70","page","type-page","status-publish","hentry"],"_links":{"self":[{"href":"https:\/\/www.csa.be\/plandefrequences\/wp-json\/wp\/v2\/pages\/70","targetHints":{"allow":["GET"]}}],"collection":[{"href":"https:\/\/www.csa.be\/plandefrequences\/wp-json\/wp\/v2\/pages"}],"about":[{"href":"https:\/\/www.csa.be\/plandefrequences\/wp-json\/wp\/v2\/types\/page"}],"author":[{"embeddable":true,"href":"https:\/\/www.csa.be\/plandefrequences\/wp-json\/wp\/v2\/users\/2"}],"replies":[{"embeddable":true,"href":"https:\/\/www.csa.be\/plandefrequences\/wp-json\/wp\/v2\/comments?post=70"}],"version-history":[{"count":2,"href":"https:\/\/www.csa.be\/plandefrequences\/wp-json\/wp\/v2\/pages\/70\/revisions"}],"predecessor-version":[{"id":834,"href":"https:\/\/www.csa.be\/plandefrequences\/wp-json\/wp\/v2\/pages\/70\/revisions\/834"}],"wp:attachment":[{"href":"https:\/\/www.csa.be\/plandefrequences\/wp-json\/wp\/v2\/media?parent=70"}],"curies":[{"name":"wp","href":"https:\/\/api.w.org\/{rel}","templated":true}]}}